

{"id":1384,"date":"2025-07-28T16:26:05","date_gmt":"2025-07-28T19:26:05","guid":{"rendered":"https:\/\/museu.appoa.org.br\/site\/?post_type=acontecimento&#038;p=1384"},"modified":"2025-07-28T16:28:45","modified_gmt":"2025-07-28T19:28:45","slug":"museu-no-ii-encontro-gaucho-da-psicologia-%ef%bf%bc","status":"publish","type":"acontecimento","link":"https:\/\/museu.appoa.org.br\/site\/acontecimento\/museu-no-ii-encontro-gaucho-da-psicologia-%ef%bf%bc\/","title":{"rendered":"Museu no II Encontro Ga\u00facho da Psicologia\u00a0\ufffc"},"content":{"rendered":"\n<p><strong>&nbsp;II Encontro Ga\u00facho da Psicologia e<\/strong> <strong>I Congresso de Ecologias, Emerg\u00eancias e Desastres<\/strong><\/p>\n\n\n\n<p><strong>SOBRE O EVENTO<\/strong>\u200b<\/p>\n\n\n\n<p>De 04 a 08\/08, o CRPRS promove o&nbsp;<strong>II Encontro Ga\u00facho da Psicologia (EGP) e o I Congresso Ecologias Emerg\u00eancias e Desastres<\/strong>&nbsp;no Teatro do CIEE (Rua Dom Pedro II, 861), em Porto Alegre. Esta edi\u00e7\u00e3o ter\u00e1 como tema os 50 anos do CRPRS e a pluriversidade de exist\u00eancias. Durante o Encontro Ga\u00facho ser\u00e1 realizado o I Congresso de Ecologias, Emerg\u00eancias e Desastres.<\/p>\n\n\n\n<p>O EGP tem o objetivo de promover conversa\u00e7\u00f5es que abordem diferentes aspectos e campos profissionais e promovam a troca de experi\u00eancias. O evento \u00e9 aberto a psic\u00f3logas\/o\/es, estudantes de Psicologia e demais interessadas\/os\/es. A atividade ser\u00e1 gratuita e a estimativa \u00e9 de, pelo menos, 800 pessoas circulando pelo evento que contar\u00e1 com confer\u00eancias, palestras, mesas tem\u00e1ticas, espa\u00e7os de orienta\u00e7\u00e3o t\u00e9cnica, exposi\u00e7\u00e3o de p\u00f4steres, feira de institui\u00e7\u00f5es, coletivos e economia solid\u00e1ria, f\u00f3rum de trabalhadoras\/es, lan\u00e7amento de livros, al\u00e9m de programa\u00e7\u00e3o cultural.<\/p>\n\n\n\n<p>No dia <strong>07 de agosto, das 09h \u00e0s 12h30<\/strong>, a coordenadora do <strong>Museu das Mem\u00f3rias (<em>In<\/em>)Poss\u00edveis<\/strong>, Ma\u00edra Brum Rieck, estar\u00e1 no Germin\u00e1rio intitulado F\u00f3rum Ga\u00facho de Sa\u00fade Mental e F\u00f3rum Estadual de Redu\u00e7\u00e3o de Danos. <\/p>\n\n\n\n<p><strong>Haver\u00e1 emiss\u00e3o de certificado de participa\u00e7\u00e3o.<\/strong><\/p>\n\n\n\n<p><strong>As confer\u00eancias ser\u00e3o transmitidas on-line em\u00a0<a rel=\"noreferrer noopener\" href=\"https:\/\/www.youtube.com\/crprs\" target=\"_blank\">youtube.com\/crprs<\/a>.<\/strong><\/p>\n\n\n\n<p><strong>Veja a programa\u00e7\u00e3o completa <a href=\"https:\/\/www.mjgolsdsolutionseventos.com\/\">aqui<\/a><\/strong><\/p>\n","protected":false},"template":"","_links":{"self":[{"href":"https:\/\/museu.appoa.org.br\/site\/wp-json\/wp\/v2\/acontecimento\/1384"}],"collection":[{"href":"https:\/\/museu.appoa.org.br\/site\/wp-json\/wp\/v2\/acontecimento"}],"about":[{"href":"https:\/\/museu.appoa.org.br\/site\/wp-json\/wp\/v2\/types\/acontecimento"}],"wp:attachment":[{"href":"https:\/\/museu.appoa.org.br\/site\/wp-json\/wp\/v2\/media?parent=1384"}],"curies":[{"name":"wp","href":"https:\/\/api.w.org\/{rel}","templated":true}]}}